{"id":44,"date":"2024-12-09T09:27:46","date_gmt":"2024-12-09T07:27:46","guid":{"rendered":"https:\/\/slicalarasi.ro\/?page_id=44"},"modified":"2024-12-09T19:56:13","modified_gmt":"2024-12-09T17:56:13","slug":"istoric","status":"publish","type":"page","link":"https:\/\/slicalarasi.ro\/?page_id=44","title":{"rendered":"Istoric"},"content":{"rendered":"<p><strong>\u00a0 \u00a0 \u00a0 \u00a0 \u00a0 \u00a0 \u00a0 \u00a0 \u00a0 \u00a0 \u00a0 \u00a0 \u00a0 \u00a0 \u00a0 \u00a0 \u00a0 \u00a0 \u00a0 \u00a0 \u00a0 \u00a0 \u00a0\u00a0<\/strong><\/p>\n<p style=\"text-align: justify;\">Sindicatul Liber din \u00cenv\u0103\u021b\u0103m\u00e2nt C\u0103l\u0103ra\u0219i s-a constituit \u00een martie 1990 \u0219i la \u00eenceput avea\u00a0 759 de membri din \u0219colile municipiului re\u0219edin\u021b\u0103 de jude\u021b, precum \u0219i din \u0219colile din localit\u0103\u021bile \u00eenvecinate.Tot \u00een martie 1990,sindicatul nostru a participat la Conferin\u021ba de constituire a FSLI, de la Piatra-Neam\u021b al\u0103turi de alte c\u00e2teva sindicate jude\u021bene. Este considerat unul dintre membri fondatori ai celei mai mari federa\u021bii sindicale din \u021bar\u0103 \u0219i din Europa.<\/p>\n<p style=\"text-align: justify;\">De\u0219i am pornit la drum cu un num\u0103r redus de adeziuni, con\u0219tientizarea importan\u021bei \u0219i rolului pe care \u00eel are o astfel de organiza\u021bie a f\u0103cut ca \u00een urm\u0103torii ani, la SLI C\u0103l\u0103ra\u0219i s\u0103 adere cadre didactice de predare, cadre didactice auxiliare precum \u0219i personal nedidactic din celelalte \u0219coli ale jude\u021bului nostru, ajung\u00e2ndu-se la un num\u0103r de 4250 membri. Astfel, ast\u0103zi putem spune c\u0103 avem organiza\u021bii \u00een toate \u0219colile din jude\u021b.<\/p>\n<p style=\"text-align: justify;\">Debutul existen\u021bei \u0219i activit\u0103\u021bii noastre a fost marcat, din p\u0103cate, de un eveniment foarte nepl\u0103cut.\u00cen aprilie 1991, \u00eentr-o deplasare la o ac\u021biune sindical\u0103 de la Bucure\u0219ti, delega\u021bia noastr\u0103 a fost implicat\u0103 \u00eentr-un tragic accident, \u00een care \u0219i-au pierdut via\u021ba membri de sindicat, profesor Mircea Lungu \u0219i profesor Ion C\u00e2tu. Acest eveniment nepl\u0103cut ne-a f\u0103cut s\u0103 fim mai uni\u021bi, mai solidari \u00een toate ac\u021biunile pe care le-am desf\u0103\u0219urat ulterior.<\/p>\n<p style=\"text-align: justify;\">De la \u00eenfiin\u021bare \u0219i p\u00e2n\u0103 \u00een prezent, SLI C\u0103l\u0103ra\u0219i s-a implicat activ \u00een diverse ac\u021biuni specifice, at\u00e2t la nivelul jude\u021bului, c\u00e2t \u0219i pe plan na\u021bional. Dintre ac\u021biunile \u00eentreprinse de organiza\u021bia jude\u021bean\u0103 putem aminti:<\/p>\n<ol>\n<li style=\"text-align: justify;\">Participarea la dezbaterea \u0219i la definitivarea primului Statut al Personalului Didactic;<\/li>\n<li style=\"text-align: justify;\">Participarea la elaborarea Contractului Colectiv de Munc\u0103 la nivel de ramur\u0103 ;<\/li>\n<li style=\"text-align: justify;\">Negocierea \u0219i semnarea \u00eempreun\u0103 cu administra\u021bia local\u0103 \u0219i cu Inspectoratul \u0218colar Jude\u021bean C\u0103l\u0103ra\u0219i a Contractului de Munc\u0103 la nivel jude\u021bean;<\/li>\n<li style=\"text-align: justify;\">Ob\u021binerea \u0219i repartizarea unor locuin\u021be din fondul locativ al municipiului C\u0103l\u0103ra\u0219i pentru membri de sindicat (1990-1992);<\/li>\n<li style=\"text-align: justify;\">Participarea la toate etapele de mi\u0219care a personalului didactic;<\/li>\n<li style=\"text-align: justify;\">Implicarea, \u00een calitate de observator la concursurile de titularizare, de acordare a grada\u021biilor de merit \u0219i concursurilor de ocupare a func\u021biilor de conducere din unit\u0103\u021bile \u0219colare;<\/li>\n<li style=\"text-align: justify;\">Ap\u0103rarea \u00een instan\u021b\u0103 a drepturilor salariale \u0219i a altor drepturi pentru c\u0103 demnitatea angaja\u021bilor din sistem ni s-a p\u0103rut cel mai important lucru.P\u00e2n\u0103 \u00een prezent am sus\u021binut \u0219i c\u00e2\u0219tigat \u00een instan\u021b\u0103 peste 1000 de procese. Au fost ac\u021biuni \u00een instan\u021b\u0103 \u00een care am reprezentat to\u021bi membri de sindicat din \u0219coala respectiv\u0103 sau procese \u00een care am reprezentat un singur membru de sindicat.<\/li>\n<li style=\"text-align: justify;\">Participarea la ac\u021biuni de strad\u0103 specifice la nivel local \u0219i\/sau la nivel na\u021bional:<\/li>\n<\/ol>\n<ul>\n<li style=\"text-align: justify;\">mar\u0219uri de protest;<\/li>\n<li style=\"text-align: justify;\">pichet\u0103ri la sediile partidelor politice, la prim\u0103rii, la Prefectura C\u0103l\u0103ra\u0219i, la guvern, la ministere;<\/li>\n<li style=\"text-align: justify;\">mitinguri la nivel local \u0219i la nivel central ;<\/li>\n<li style=\"text-align: justify;\">greve de avertisment, japonez\u0103, de solidaritate;<\/li>\n<li style=\"text-align: justify;\">greve generale dintre care cea din 2023 a fost cea mai important\u0103.<\/li>\n<\/ul>\n<p style=\"text-align: justify;\">Participarea la toate aceste ac\u021biuni deosebit de consistente numeric, a purtat amprenta unit\u0103\u021bii \u0219i solidarit\u0103\u021bii sindicale f\u0103r\u0103 de care nu am fi reu\u0219it.<\/p>\n<p style=\"text-align: justify;\">Prezen\u021ba\u00a0 la dezbateri, negocieri, mese rotunde pe teme ce vizeaz\u0103 educa\u021bia;<\/p>\n<ol start=\"9\">\n<li style=\"text-align: justify;\">Activarea \u00een diferite comisii de dialog social, \u00een care vocea sindicatului s-a f\u0103cut puternic auzit\u0103 ;<\/li>\n<li style=\"text-align: justify;\">S-au f\u0103cut demersuri la toate nivelurile pentru respectarea prevederilor Contractului Colectiv de Munc\u0103, precum \u0219i a actelor normative care au vizat \u00eencasarea sumelor din hot\u0103r\u00e2rile judec\u0103tore\u0219ti;<\/li>\n<li style=\"text-align: justify;\">S-au organizat instruiri ale liderilor de sindicat din unit\u0103\u021bile \u0219colare \u0219i cursuri de formare pe diferite teme de actualitate \u00een sistemul educa\u021bional.<\/li>\n<li style=\"text-align: justify;\">S-au negociat \u0219i ob\u021binut, apoi s-au repartizat bilete de odihn\u0103 \u0219i tratament membrilor de sindicat din toate unit\u0103\u021bile \u0219colare;<\/li>\n<li style=\"text-align: justify;\">S-au ini\u021biat \u0219i sus\u021binut activit\u0103\u021bi care au devenit tradi\u021bionale:<\/li>\n<\/ol>\n<ul>\n<li style=\"text-align: justify;\"><strong><em>Memorialul \u201dMircea Lungu \u0219i Ion C\u00e2tu\u201d<\/em><\/strong> organizat pentru cinstirea memoriei celor doi profesori care \u0219i-au pierdut via\u021ba \u00eentr-o deplasare cu caracter sindical;<\/li>\n<li style=\"text-align: justify;\"><strong><em>\u201cProfesorul anului\u201d<\/em><\/strong> \u2013 activitate, plastic denumit\u0103 \u201d Oscarul profesorilor c\u0103l\u0103ra\u0219eni\u201d, care \u00eei recompenseaz\u0103 cu diplome \u0219i bani pe cei mai merituo\u0219i dasc\u0103li pentru fiecare disciplin\u0103, \u00een fiecare an;<\/li>\n<li style=\"text-align: justify;\"><strong><em>\u201dZiua Seniorilor\u201d<\/em><\/strong> \u2013 festivitate la care sunt omagiate cadrele care se pensioneaz\u0103 \u00een anul respectiv, prilej cu care ace\u0219tia primesc o diplom\u0103 pentru \u00eentreaga activitate precum \u0219i un premiu de 500 lei oferit de SLI C\u0103l\u0103ra\u0219i.<\/li>\n<\/ul>\n<ol start=\"14\">\n<li>S-au efectuat deplas\u0103ri \u00een teritoriu pentru cunoa\u0219terea \u0219i rezolvarea problemelor ivite \u00een \u0219coli purt\u00e2ndu-se discu\u021bii cu membrii de sindicat, cu primarii, cu conducerile unit\u0103\u021bilor \u0219colare.<\/li>\n<li>SLI C\u0103l\u0103ra\u0219i a dus \u0219i duce o politic\u0103 social\u0103 pentru membri de sindicat, concretizat\u0103 prin diferite tipuri de ajutoare sociale, dar \u0219i prin oferirea unor tichete valorice de dou\u0103 ori pe an, cu ocazia Cr\u0103ciunului \u0219i a Pa\u0219telui. Tot la aceast\u0103 categorie se poate \u00eencadra \u0219i prima atribuit\u0103 fiec\u0103rui membru de 8Martie.<\/li>\n<li>Popularizarea problemelor \u0219i activit\u0103\u021bilor organiza\u021biei prin toate mijloacele de comunicare \u00een mas\u0103 a fost \u0219i r\u0103m\u00e2ne o preocupare constant\u0103.Liderii au fost invita\u021bi \u00een cadrul unor emisiuni la posturile de radio \u0219i de televiziune de la nivel local \u0219i na\u021bional.<\/li>\n<li>Am realizat un schimb de experien\u021b\u0103 cu un sindicat omolog din Silistra (Bulgaria).<\/li>\n<\/ol>\n<p style=\"text-align: justify;\"><strong>Am crezut mereu c\u0103 responsabilitatea fa\u021b\u0103 de fiecare membru trebuie s\u0103\u00a0 fie principiul primordial pe care s\u0103 \u00eel respect\u0103m \u00een munca noastr\u0103, pentru c\u0103 oamenii pe care ne baz\u0103m se bazeaz\u0103 pe noi la r\u00e2ndul lor. E important s\u0103 te \u0219tii \u00een slujba oamenilor.<\/strong><\/p>\n<p style=\"text-align: justify;\"><strong>Suntem con\u0219tien\u021bi de misiunea pe care o avem \u00een sistemul educa\u021bional din jude\u021bul nostru. Cu m\u00e2ndrie \u0219i recuno\u0219tin\u021b\u0103 ne-o<\/strong> <strong>asum\u0103m. \u0218tim c\u0103 suntem PREZENT, privim spre VIITOR, dar avem TRECUT. Cu el\u00a0 ne m\u00e2ndrim!<\/strong><\/p>\n<p style=\"text-align: center;\"><strong>Cu respect \u0219i considera\u021bie, echipa!<\/strong><\/p>\n","protected":false},"excerpt":{"rendered":"<p>\u00a0 \u00a0 \u00a0 \u00a0 \u00a0 \u00a0 \u00a0 \u00a0 \u00a0 \u00a0 \u00a0 \u00a0 \u00a0 \u00a0 \u00a0 \u00a0 \u00a0 \u00a0 \u00a0 \u00a0 \u00a0 \u00a0 [&hellip;]<\/p>\n","protected":false},"author":1,"featured_media":0,"parent":14,"menu_order":0,"comment_status":"closed","ping_status":"closed","template":"","meta":{"footnotes":""},"class_list":["post-44","page","type-page","status-publish","hentry"],"_links":{"self":[{"href":"https:\/\/slicalarasi.ro\/index.php?rest_route=\/wp\/v2\/pages\/44","targetHints":{"allow":["GET"]}}],"collection":[{"href":"https:\/\/slicalarasi.ro\/index.php?rest_route=\/wp\/v2\/pages"}],"about":[{"href":"https:\/\/slicalarasi.ro\/index.php?rest_route=\/wp\/v2\/types\/page"}],"author":[{"embeddable":true,"href":"https:\/\/slicalarasi.ro\/index.php?rest_route=\/wp\/v2\/users\/1"}],"replies":[{"embeddable":true,"href":"https:\/\/slicalarasi.ro\/index.php?rest_route=%2Fwp%2Fv2%2Fcomments&post=44"}],"version-history":[{"count":6,"href":"https:\/\/slicalarasi.ro\/index.php?rest_route=\/wp\/v2\/pages\/44\/revisions"}],"predecessor-version":[{"id":199,"href":"https:\/\/slicalarasi.ro\/index.php?rest_route=\/wp\/v2\/pages\/44\/revisions\/199"}],"up":[{"embeddable":true,"href":"https:\/\/slicalarasi.ro\/index.php?rest_route=\/wp\/v2\/pages\/14"}],"wp:attachment":[{"href":"https:\/\/slicalarasi.ro\/index.php?rest_route=%2Fwp%2Fv2%2Fmedia&parent=44"}],"curies":[{"name":"wp","href":"https:\/\/api.w.org\/{rel}","templated":true}]}}